{"id":36,"date":"2020-05-31T13:03:27","date_gmt":"2020-05-31T11:03:27","guid":{"rendered":"https:\/\/bannmuehle.wholewildworld.de\/?page_id=36"},"modified":"2025-08-21T09:13:51","modified_gmt":"2025-08-21T07:13:51","slug":"kelterei","status":"publish","type":"page","link":"https:\/\/www.bannmuehle.de\/index.php\/kelterei\/","title":{"rendered":"Kelterei"},"content":{"rendered":"\t\t<div data-elementor-type=\"wp-page\" data-elementor-id=\"36\" class=\"elementor elementor-36\">\n\t\t\t\t\t\t<section class=\"elementor-section elementor-top-section elementor-element elementor-element-24ca8f41 elementor-section-full_width elementor-section-height-default elementor-section-height-default\" data-id=\"24ca8f41\" data-element_type=\"section\">\n\t\t\t\t\t\t<div class=\"elementor-container elementor-column-gap-default\">\n\t\t\t\t\t<div class=\"elementor-column elementor-col-100 elementor-top-column elementor-element elementor-element-7f4228cb\" data-id=\"7f4228cb\" data-element_type=\"column\">\n\t\t\t<div class=\"elementor-widget-wrap elementor-element-populated\">\n\t\t\t\t\t\t<div class=\"elementor-element elementor-element-1e8401ce elementor-drop-cap-yes elementor-drop-cap-view-default elementor-widget elementor-widget-text-editor\" data-id=\"1e8401ce\" data-element_type=\"widget\" data-settings=\"{&quot;drop_cap&quot;:&quot;yes&quot;}\" data-widget_type=\"text-editor.default\">\n\t\t\t\t<div class=\"elementor-widget-container\">\n\t\t\t\t\t\t\t\t\t<h3><strong>Unsere Kelterei ist auch f\u00fcr Sie da!\u00a0\u00a0\u00a0<\/strong><\/h3>\n<p style=\"text-align: center;\"><strong>Apfelannahme<br \/>ab dem 15.09.2025<br \/>Montag-Freitag 17:00-18:30 Uhr<br \/><\/strong><\/p>\n<p><!-- \/wp:paragraph --><\/p>\n<p><!-- wp:table --><\/p>\n<figure class=\"wp-block-table\">\n<table>\n<tbody>\n<tr>\n<td>Hier wird unser eigenes und Ihr Obst direkt auf dem Hof zu Saft verarbeitet. Wir f\u00fcllen Apfel- und Traubensaft ab. Ihre \u00c4pfel k\u00f6nnen Sie von Montag bis Freitag zwischen 17:00 Uhr und 18:30 Uhr\u00a0 abgeben. Es ist auch m\u00f6glich, dass Sie Ihre \u00c4pfel direkt in Saft tauschen, den Sie sofort mitnehmen k\u00f6nnen.\u00a0<\/td>\n<\/tr>\n<tr>\n<td>\u00a0 <img decoding=\"async\" src=\"https:\/\/www.bannmuehle.de\/images\/stories\/bannmuehle\/59_0_0_images_stories_bannmuehle_lightbox_kelterei-01-800x544px.jpg\" alt=\"\" \/> \u00a0<\/td>\n<\/tr>\n<tr>\n<td>\u00a0In der modernen Bandapfelpresse wird das Obst gewaschen, gemust und dann schnell und schonend ausgepresst. Der Saft wird in der neuen F\u00fcllhalle pressfrisch pasteurisiert und direkt abgef\u00fcllt. Dabei gilt unser besonderes Augenmerk\u00a0 der Temperatur, die \u00fcber Geschmack, Inhaltsstoffe und Haltbarkeit entscheidet. \u00a0<\/td>\n<\/tr>\n<tr>\n<td>\u00a0<\/td>\n<\/tr>\n<\/tbody>\n<\/table>\n<\/figure>\n<p><!-- \/wp:table --><\/p>\n<p><!-- wp:paragraph --><\/p>\n<p>Ab einer Menge von 1000l (ca 1,6to \u00c4pfel) pressen wir Ihre \u00c4pfel in eine eigene Charge und Sie erhalten Ihren eigenen, in Flaschen gef\u00fcllten Saft.<\/p>\n<p><!-- \/wp:paragraph --><\/p>\n<p><!-- wp:paragraph --><\/p>\n<p>Sie sind eine Streuobst &#8211; Initiative?<\/p>\n<p>Sie haben privat einige \u00c4pfel, die zu Saft verarbeitet werden sollen?<\/p>\n<p><!-- \/wp:paragraph --><\/p>\n<p><!-- wp:paragraph --><\/p>\n<p><!-- \/wp:paragraph --><\/p>\n<p><!-- wp:paragraph --><\/p>\n<p>Oder haben Sie einen landwirtschaftlichen Betrieb, der als Produkterg\u00e4nzung Saft als Veredlung Ihrer \u00c4pfel sucht.<\/p>\n<p><!-- \/wp:paragraph --><\/p>\n<p><!-- wp:paragraph --><\/p>\n<p>Wir verarbeiten in kleinen und gr\u00f6\u00dferen Mengen sowohl f\u00fcr biologisch als auch f\u00fcr konventionell wirtschaftende Betriebe.<\/p>\n<p>Zum einfachen Aufsammeln Ihrer \u00c4pfel verleihen wir unsere Obstraupe (gegen Entgelt). Informationen zur Obstraupe gibts hier <a href=\"https:\/\/www.bannmuehle.de\/wp-content\/uploads\/2021\/08\/Flyer-Obstraupe.pdf\">Flyer Obstraupe.<\/a><\/p>\n<p>Sollten Sie sich f\u00fcr den Kauf einer Obstraupe interessieren, erhalten Sie bei Bestellung \u00fcber folgenden Link <a href=\"https:\/\/shop.organic-tools.com\/\">https:\/\/shop.organic-tools.com\/ <\/a><br \/>und Eingabe des Codes\u00a0 <strong>0129BANN2021<\/strong>\u00a0 den Versand gratis.<\/p>\n<p><!-- \/wp:paragraph --><\/p>\n<p><!-- wp:paragraph --><\/p>\n<p><strong>Wir w\u00fcrden uns freuen f\u00fcr Sie zu keltern, bitte sprechen Sie die Termine rechtzeitig ab.<\/strong><\/p>\n<p><!-- \/wp:paragraph --><\/p>\n<p><!-- wp:paragraph --><\/p>\n<p>Tel. <a href=\"http:\/\/tel:+4967551053\" target=\"_blank\" rel=\"noopener\">06755-1053<\/a><\/p>\n<p><!-- \/wp:paragraph --><\/p>\n<p><!-- wp:paragraph --><\/p>\n<p><!-- \/wp:paragraph --><\/p>\n<p><!-- wp:image --><\/p>\n<figure class=\"wp-block-image\"><img decoding=\"async\" src=\"https:\/\/www.bannmuehle.de\/images\/neue_bilder\/DSC_9186.JPG\" alt=\"\" \/><\/figure>\n<p><!-- \/wp:image --><\/p>\n<p>\u00a0<\/p>\t\t\t\t\t\t\t\t<\/div>\n\t\t\t\t<\/div>\n\t\t\t\t\t<\/div>\n\t\t<\/div>\n\t\t\t\t\t<\/div>\n\t\t<\/section>\n\t\t\t\t<\/div>\n\t\t","protected":false},"excerpt":{"rendered":"<p>Unsere Kelterei ist auch f\u00fcr Sie da!\u00a0\u00a0\u00a0 Apfelannahmeab dem 15.09.2025Montag-Freitag 17:00-18:30 Uhr Hier wird unser eigenes und Ihr Obst direkt auf dem Hof zu Saft verarbeitet. Wir f\u00fcllen Apfel- und Traubensaft ab. Ihre \u00c4pfel k\u00f6nnen Sie von Montag bis Freitag zwischen 17:00 Uhr und 18:30 Uhr\u00a0 abgeben. Es ist auch m\u00f6glich, dass Sie Ihre \u00c4pfel &hellip; <\/p>\n<p class=\"link-more\"><a href=\"https:\/\/www.bannmuehle.de\/index.php\/kelterei\/\" class=\"more-link\"><span class=\"screen-reader-text\">\u201eKelterei\u201c<\/span> weiterlesen<\/a><\/p>\n","protected":false},"author":1,"featured_media":0,"parent":0,"menu_order":0,"comment_status":"closed","ping_status":"closed","template":"","meta":{"footnotes":""},"_links":{"self":[{"href":"https:\/\/www.bannmuehle.de\/index.php\/wp-json\/wp\/v2\/pages\/36"}],"collection":[{"href":"https:\/\/www.bannmuehle.de\/index.php\/wp-json\/wp\/v2\/pages"}],"about":[{"href":"https:\/\/www.bannmuehle.de\/index.php\/wp-json\/wp\/v2\/types\/page"}],"author":[{"embeddable":true,"href":"https:\/\/www.bannmuehle.de\/index.php\/wp-json\/wp\/v2\/users\/1"}],"replies":[{"embeddable":true,"href":"https:\/\/www.bannmuehle.de\/index.php\/wp-json\/wp\/v2\/comments?post=36"}],"version-history":[{"count":60,"href":"https:\/\/www.bannmuehle.de\/index.php\/wp-json\/wp\/v2\/pages\/36\/revisions"}],"predecessor-version":[{"id":2697,"href":"https:\/\/www.bannmuehle.de\/index.php\/wp-json\/wp\/v2\/pages\/36\/revisions\/2697"}],"wp:attachment":[{"href":"https:\/\/www.bannmuehle.de\/index.php\/wp-json\/wp\/v2\/media?parent=36"}],"curies":[{"name":"wp","href":"https:\/\/api.w.org\/{rel}","templated":true}]}}